{"id":490,"date":"2018-04-10T09:53:07","date_gmt":"2018-04-10T07:53:07","guid":{"rendered":"http:\/\/ladoration.fr\/vanicet\/?page_id=490"},"modified":"2018-04-23T17:52:43","modified_gmt":"2018-04-23T15:52:43","slug":"presence-de-lest-multiple","status":"publish","type":"page","link":"http:\/\/ladoration.fr\/vanicet\/restitutions\/tombe-dedouard-glissant\/presence-de-lest-multiple\/","title":{"rendered":"Et la pr\u00e9sence de l&rsquo;Est multiple"},"content":{"rendered":"\t\t<div data-elementor-type=\"wp-post\" data-elementor-id=\"490\" class=\"elementor elementor-490 elementor-bc-flex-widget\">\n\t\t\t\t\t\t<section class=\"elementor-section elementor-top-section elementor-element elementor-element-35d5529 elementor-section-boxed elementor-section-height-default elementor-section-height-default\" data-id=\"35d5529\" data-element_type=\"section\">\n\t\t\t\t\t\t<div class=\"elementor-container elementor-column-gap-default\">\n\t\t\t\t\t<div class=\"elementor-column elementor-col-100 elementor-top-column elementor-element elementor-element-54f0e253\" data-id=\"54f0e253\" data-element_type=\"column\">\n\t\t\t<div class=\"elementor-widget-wrap elementor-element-populated\">\n\t\t\t\t\t\t<div class=\"elementor-element elementor-element-3dad2448 elementor-position-top elementor-widget elementor-widget-image-box\" data-id=\"3dad2448\" data-element_type=\"widget\" data-widget_type=\"image-box.default\">\n\t\t\t\t<div class=\"elementor-widget-container\">\n\t\t\t<div class=\"elementor-image-box-wrapper\"><figure class=\"elementor-image-box-img\"><a href=\"http:\/\/ladoration.fr\/vanicet\/wp-content\/uploads\/2018\/04\/30032018-tombe-d-edouard-glissant-1536x1152_c2.jpg\" target=\"_blank\" tabindex=\"-1\"><img fetchpriority=\"high\" decoding=\"async\" width=\"1000\" height=\"750\" src=\"http:\/\/ladoration.fr\/vanicet\/wp-content\/uploads\/2018\/04\/30032018-tombe-d-edouard-glissant-1536x1152_c2.jpg\" class=\"attachment-full size-full wp-image-493\" alt=\"Pr\u00e9sence de l&#039;Est multiple. C\u00e9ramique de l&#039;artiste Victor Anicet r\u00e9alis\u00e9e pour la tombe d&#039;Edouard Glissant au cimeti\u00e8re du Diamant (Martinique)\" srcset=\"http:\/\/ladoration.fr\/vanicet\/wp-content\/uploads\/2018\/04\/30032018-tombe-d-edouard-glissant-1536x1152_c2.jpg 1000w, http:\/\/ladoration.fr\/vanicet\/wp-content\/uploads\/2018\/04\/30032018-tombe-d-edouard-glissant-1536x1152_c2-300x225.jpg 300w, http:\/\/ladoration.fr\/vanicet\/wp-content\/uploads\/2018\/04\/30032018-tombe-d-edouard-glissant-1536x1152_c2-768x576.jpg 768w\" sizes=\"(max-width: 1000px) 100vw, 1000px\" \/><\/a><\/figure><div class=\"elementor-image-box-content\"><h3 class=\"elementor-image-box-title\"><a href=\"http:\/\/ladoration.fr\/vanicet\/wp-content\/uploads\/2018\/04\/30032018-tombe-d-edouard-glissant-1536x1152_c2.jpg\" target=\"_blank\">C\u00e9ramique de Victor Anicet. Tombe d'Edouard Glissant. <\/a><\/h3><\/div><\/div>\t\t<\/div>\n\t\t\t\t<\/div>\n\t\t\t\t<div class=\"elementor-element elementor-element-c212e77 elementor-widget elementor-widget-text-editor\" data-id=\"c212e77\" data-element_type=\"widget\" data-widget_type=\"text-editor.default\">\n\t\t\t\t<div class=\"elementor-widget-container\">\n\t\t\t\t\t\t\t<p style=\"text-align: center;\" align=\"JUSTIFY\"><span style=\"font-size: 14pt;\"><span style=\"text-decoration: underline;\">Hommage \u00e0 Edouard GLISSANT<\/span> <\/span><\/p><p style=\"text-align: center;\" align=\"JUSTIFY\"><span style=\"font-size: 14pt;\">(prononc\u00e9 par Victor Anicet au cim\u00e9ti\u00e8re du Diamant le 09 f\u00e9vrier 2011)<\/span><\/p><p align=\"JUSTIFY\">\u00a0<\/p><p align=\"JUSTIFY\"><span style=\"font-size: 14pt;\">Le signe en c\u00e9ramique qui recouvre la tombe d\u2019Edouard s\u2019appelle la pr\u00e9sence de l\u2019Est Multiple, titre donn\u00e9 par Edouard Glissant lui-m\u00eame.<\/span><\/p><p align=\"JUSTIFY\"><span style=\"font-size: 14pt;\">Il repr\u00e9sente la porte d\u2019un parc \u00e0 b\u0153ufs<\/span><\/p><p align=\"JUSTIFY\"><span style=\"font-size: 14pt;\">Il s\u2019agit d\u2019un symbole qui a marqu\u00e9 de la m\u00eame fa\u00e7on, son enfance et la mienne.<\/span><\/p><p align=\"JUSTIFY\"><span style=\"font-size: 14pt;\">Il fait partie d\u2019une s\u00e9rie de tableaux pr\u00e9sent\u00e9s lors de ma premi\u00e8re exposition r\u00e9alis\u00e9e \u00e0 la Martinique en 1970, gr\u00e2ce au concours d\u2019Edouard.<\/span><\/p><p align=\"JUSTIFY\"><span style=\"font-size: 14pt;\">C\u2019est lui qui m\u2019a accompagn\u00e9, encourag\u00e9 et soutenu par son discours philosophique et nos nombreuses discussions.<\/span><\/p><p align=\"JUSTIFY\"><span style=\"font-size: 14pt;\">Cette \u0153uvre est un hommage \u00e0 Edouard Glissant, un tout petit hommage \u00e0 une grande g\u00e9n\u00e9rosit\u00e9 que je connais bien, parce qu\u2019il l\u2019a appliqu\u00e9e \u00e0 travers moi, jeune \u00e9tudiant \u00e0 Paris ; mais \u00e0 travers moi c\u2019est \u00e0 toute l\u2019humanit\u00e9 qu\u2019il a vers\u00e9 tout au long de sa vie cette immense g\u00e9n\u00e9rosit\u00e9.<\/span><\/p><p align=\"JUSTIFY\"><span style=\"font-size: 14pt;\">A travers moi, peintre j\u2019ai per\u00e7u sa fa\u00e7on d\u2019inventer une ambition immense pour toute l\u2019Humanit\u00e9.<\/span><\/p><p align=\"JUSTIFY\"><span style=\"font-size: 14pt;\">A travers moi, c\u00e9ramiste, j\u2019ai compris son ambition immense de relier la Cara\u00efbe au monde entier.<\/span><\/p><p align=\"JUSTIFY\"><span style=\"font-size: 14pt;\">A travers moi, j\u2019ai compris comment il voulait r\u00e9concilier entre elles toutes les disciplines et toutes les cultures.<\/span><\/p><p align=\"JUSTIFY\"><span style=\"font-size: 14pt;\">Je crois avoir compris avec lui que la connaissance ne devait pas \u00eatre confisqu\u00e9e, la connaissance qui pr\u00e9c\u00e8de l\u2019action.<\/span><\/p><p align=\"JUSTIFY\"><span style=\"font-size: 14pt;\">Cet homme engag\u00e9, ce militant\u00a0de toute une vie, aurait pr\u00e9f\u00e9r\u00e9 certainement \u00e0 la place de nos lamentations, que nous fassions aujourd\u2019hui la promesse d\u2019un engagement de continuer le travail d\u2019exigence et l\u2019ambition d\u2019excellence qu\u2019il avait pour le monde entier, de poursuivre ce d\u00e9frichement qu\u2019il a entrepris et qu\u2019il laisse \u00e0 ceux qui voudront inventer un monde nouveau.<\/span><\/p><p align=\"JUSTIFY\"><span style=\"font-size: 14pt;\">Edouard, mon ami, mon fr\u00e8re, cette st\u00e8le, c\u2019est le dernier cadeau qu\u2019il m\u2019a \u00e9t\u00e9 donn\u00e9 de t\u2019offrir, et c\u2019est la digne reconnaissance pour tout ce que tu m\u2019as apport\u00e9. Merci encore.<\/span><\/p>\t\t\t\t\t\t<\/div>\n\t\t\t\t<\/div>\n\t\t\t\t<div class=\"elementor-element elementor-element-47a432f5 elementor-widget elementor-widget-text-editor\" data-id=\"47a432f5\" data-element_type=\"widget\" data-widget_type=\"text-editor.default\">\n\t\t\t\t<div class=\"elementor-widget-container\">\n\t\t\t\t\t\t\t<p><span style=\"font-size: 14pt;\">Evoquent aussi\u00a0 cette c\u00e9ramique:<\/span><\/p><ul><li><span style=\"font-size: 14pt;\"><a href=\"https:\/\/mondesfrancophones.com\/dossiers\/edouard-glissant\/le-tout-art-dedouard-glissant\/\" target=\"_blank\" rel=\"noopener\">L&rsquo;article<\/a><a href=\"https:\/\/aica-sc.net\/2014\/05\/22\/nos-barques-sont-ouvertes-pour-tous-nous-les-naviguons-1\/\" target=\"_blank\" rel=\"noopener\">\u00a0<\/a>\u00a0de Val\u00e9rie Loichot sur <em>mondesfrancophones.com<\/em>, revue mondiale des francophonies\u00a0dans un article sur le <em>tout-art<\/em> d&rsquo;Edouard Glissant.<\/span><\/li><li><span style=\"font-size: 14pt;\">Le texte \u00ab\u00a0<a href=\"http:\/\/ladoration.fr\/vanicet\/textes\/les-maux-bleus-danicet-g-pigeard-de-gurbert\/\" target=\"_blank\" rel=\"noopener\">les maux bleus<\/a>\u00a0\u00bb que G. Pigeard de Gurbert consacre au travail de Victor Anicet<\/span><\/li><\/ul>\t\t\t\t\t\t<\/div>\n\t\t\t\t<\/div>\n\t\t\t\t\t<\/div>\n\t\t<\/div>\n\t\t\t\t\t<\/div>\n\t\t<\/section>\n\t\t\t\t<section class=\"elementor-section elementor-top-section elementor-element elementor-element-6870f5e2 elementor-section-boxed elementor-section-height-default elementor-section-height-default\" data-id=\"6870f5e2\" data-element_type=\"section\">\n\t\t\t\t\t\t<div class=\"elementor-container elementor-column-gap-default\">\n\t\t\t\t\t<div class=\"elementor-column elementor-col-100 elementor-top-column elementor-element elementor-element-671d85ab\" data-id=\"671d85ab\" data-element_type=\"column\">\n\t\t\t<div class=\"elementor-widget-wrap elementor-element-populated\">\n\t\t\t\t\t\t<div class=\"elementor-element elementor-element-5e00b0a0 elementor-align-center elementor-widget elementor-widget-button\" data-id=\"5e00b0a0\" data-element_type=\"widget\" data-widget_type=\"button.default\">\n\t\t\t\t<div class=\"elementor-widget-container\">\n\t\t\t\t\t<div class=\"elementor-button-wrapper\">\n\t\t\t<a class=\"elementor-button elementor-button-link elementor-size-sm\" href=\"http:\/\/ladoration.fr\/vanicet\/restitutions\/\">\n\t\t\t\t\t\t<span class=\"elementor-button-content-wrapper\">\n\t\t\t\t\t\t\t\t\t<span class=\"elementor-button-text\">Retour \u00e0 la liste des oeuvres<\/span>\n\t\t\t\t\t<\/span>\n\t\t\t\t\t<\/a>\n\t\t<\/div>\n\t\t\t\t<\/div>\n\t\t\t\t<\/div>\n\t\t\t\t\t<\/div>\n\t\t<\/div>\n\t\t\t\t\t<\/div>\n\t\t<\/section>\n\t\t\t\t<\/div>\n\t\t","protected":false},"excerpt":{"rendered":"<p>C\u00e9ramique de Victor Anicet. Tombe d&rsquo;Edouard Glissant. Hommage \u00e0 Edouard GLISSANT (prononc\u00e9 par Victor Anicet au cim\u00e9ti\u00e8re du Diamant le 09 f\u00e9vrier 2011) \u00a0 Le signe en c\u00e9ramique qui recouvre la tombe d\u2019Edouard s\u2019appelle la pr\u00e9sence de l\u2019Est Multiple, titre donn\u00e9 par Edouard Glissant lui-m\u00eame. Il repr\u00e9sente la porte d\u2019un parc \u00e0 b\u0153ufs Il s\u2019agit [&hellip;]<\/p>\n","protected":false},"author":1,"featured_media":0,"parent":644,"menu_order":0,"comment_status":"closed","ping_status":"closed","template":"","meta":{"jetpack_post_was_ever_published":false,"footnotes":""},"class_list":["post-490","page","type-page","status-publish","hentry","blog-blocks-layout","blog-style-postblock","","blog-alt-odd"],"yoast_head":"<!-- This site is optimized with the Yoast SEO plugin v23.0 - https:\/\/yoast.com\/wordpress\/plugins\/seo\/ -->\n<title>Pr\u00e9sence de l&#039;Est multiple. De V. Anicet figurant la porte d&#039;un parc \u00e0 boeufs<\/title>\n<meta name=\"description\" content=\"Pr\u00e9sence de l&#039;Est multiple.Cette oeuvre vient d&#039;une s\u00e9rie en noir et blanc, r\u00e9alis\u00e9e dans les ann\u00e9es 1970 par l\u2019ami d&#039;Edouard Glissant, l\u2019artiste plasticien Victor Anicet. Cette s\u00e9rie avait \u00e9t\u00e9 nomm\u00e9e par E. Glissant lui m\u00eame \u00ab Et la pr\u00e9sence de l\u2019Est multiple \u00bb.\" \/>\n<meta name=\"robots\" content=\"index, follow, max-snippet:-1, max-image-preview:large, max-video-preview:-1\" \/>\n<link rel=\"canonical\" href=\"http:\/\/ladoration.fr\/vanicet\/restitutions\/tombe-dedouard-glissant\/presence-de-lest-multiple\/\" \/>\n<meta property=\"og:locale\" content=\"fr_FR\" \/>\n<meta property=\"og:type\" content=\"article\" \/>\n<meta property=\"og:title\" content=\"Pr\u00e9sence de l&#039;Est multiple. De V. Anicet figurant la porte d&#039;un parc \u00e0 boeufs\" \/>\n<meta property=\"og:description\" content=\"Pr\u00e9sence de l&#039;Est multiple.Cette oeuvre vient d&#039;une s\u00e9rie en noir et blanc, r\u00e9alis\u00e9e dans les ann\u00e9es 1970 par l\u2019ami d&#039;Edouard Glissant, l\u2019artiste plasticien Victor Anicet. Cette s\u00e9rie avait \u00e9t\u00e9 nomm\u00e9e par E. Glissant lui m\u00eame \u00ab Et la pr\u00e9sence de l\u2019Est multiple \u00bb.\" \/>\n<meta property=\"og:url\" content=\"http:\/\/ladoration.fr\/vanicet\/restitutions\/tombe-dedouard-glissant\/presence-de-lest-multiple\/\" \/>\n<meta property=\"og:site_name\" content=\"Victor Anicet\" \/>\n<meta property=\"article:modified_time\" content=\"2018-04-23T15:52:43+00:00\" \/>\n<meta property=\"og:image\" content=\"http:\/\/ladoration.fr\/vanicet\/wp-content\/uploads\/2018\/04\/30032018-tombe-d-edouard-glissant-1536x1152_c2.jpg\" \/>\n<meta name=\"twitter:card\" content=\"summary_large_image\" \/>\n<meta name=\"twitter:label1\" content=\"Dur\u00e9e de lecture estim\u00e9e\" \/>\n\t<meta name=\"twitter:data1\" content=\"2 minutes\" \/>\n<script type=\"application\/ld+json\" class=\"yoast-schema-graph\">{\"@context\":\"https:\/\/schema.org\",\"@graph\":[{\"@type\":\"WebPage\",\"@id\":\"http:\/\/ladoration.fr\/vanicet\/restitutions\/tombe-dedouard-glissant\/presence-de-lest-multiple\/\",\"url\":\"http:\/\/ladoration.fr\/vanicet\/restitutions\/tombe-dedouard-glissant\/presence-de-lest-multiple\/\",\"name\":\"Pr\u00e9sence de l'Est multiple. De V. Anicet figurant la porte d'un parc \u00e0 boeufs\",\"isPartOf\":{\"@id\":\"http:\/\/ladoration.fr\/vanicet\/#website\"},\"primaryImageOfPage\":{\"@id\":\"http:\/\/ladoration.fr\/vanicet\/restitutions\/tombe-dedouard-glissant\/presence-de-lest-multiple\/#primaryimage\"},\"image\":{\"@id\":\"http:\/\/ladoration.fr\/vanicet\/restitutions\/tombe-dedouard-glissant\/presence-de-lest-multiple\/#primaryimage\"},\"thumbnailUrl\":\"http:\/\/ladoration.fr\/vanicet\/wp-content\/uploads\/2018\/04\/30032018-tombe-d-edouard-glissant-1536x1152_c2.jpg\",\"datePublished\":\"2018-04-10T07:53:07+00:00\",\"dateModified\":\"2018-04-23T15:52:43+00:00\",\"description\":\"Pr\u00e9sence de l'Est multiple.Cette oeuvre vient d'une s\u00e9rie en noir et blanc, r\u00e9alis\u00e9e dans les ann\u00e9es 1970 par l\u2019ami d'Edouard Glissant, l\u2019artiste plasticien Victor Anicet. Cette s\u00e9rie avait \u00e9t\u00e9 nomm\u00e9e par E. Glissant lui m\u00eame \u00ab Et la pr\u00e9sence de l\u2019Est multiple \u00bb.\",\"breadcrumb\":{\"@id\":\"http:\/\/ladoration.fr\/vanicet\/restitutions\/tombe-dedouard-glissant\/presence-de-lest-multiple\/#breadcrumb\"},\"inLanguage\":\"fr-FR\",\"potentialAction\":[{\"@type\":\"ReadAction\",\"target\":[\"http:\/\/ladoration.fr\/vanicet\/restitutions\/tombe-dedouard-glissant\/presence-de-lest-multiple\/\"]}]},{\"@type\":\"ImageObject\",\"inLanguage\":\"fr-FR\",\"@id\":\"http:\/\/ladoration.fr\/vanicet\/restitutions\/tombe-dedouard-glissant\/presence-de-lest-multiple\/#primaryimage\",\"url\":\"http:\/\/ladoration.fr\/vanicet\/wp-content\/uploads\/2018\/04\/30032018-tombe-d-edouard-glissant-1536x1152_c2.jpg\",\"contentUrl\":\"http:\/\/ladoration.fr\/vanicet\/wp-content\/uploads\/2018\/04\/30032018-tombe-d-edouard-glissant-1536x1152_c2.jpg\"},{\"@type\":\"BreadcrumbList\",\"@id\":\"http:\/\/ladoration.fr\/vanicet\/restitutions\/tombe-dedouard-glissant\/presence-de-lest-multiple\/#breadcrumb\",\"itemListElement\":[{\"@type\":\"ListItem\",\"position\":1,\"name\":\"Accueil\",\"item\":\"http:\/\/ladoration.fr\/vanicet\/\"},{\"@type\":\"ListItem\",\"position\":2,\"name\":\"Restitutions\",\"item\":\"https:\/\/ladoration.fr\/vanicet\/restitutions\/\"},{\"@type\":\"ListItem\",\"position\":3,\"name\":\"Tombe d&rsquo;Edouard Glissant\",\"item\":\"https:\/\/ladoration.fr\/vanicet\/restitutions\/tombe-dedouard-glissant\/\"},{\"@type\":\"ListItem\",\"position\":4,\"name\":\"Et la pr\u00e9sence de l&rsquo;Est multiple\"}]},{\"@type\":\"WebSite\",\"@id\":\"http:\/\/ladoration.fr\/vanicet\/#website\",\"url\":\"http:\/\/ladoration.fr\/vanicet\/\",\"name\":\"Victor Anicet\",\"description\":\"Biface dit C\u00e9saire dans la Trag\u00e9die du Roi Christophe en pensant \u00e0 Janus, deux t\u00eates, deux directions, le pass\u00e9 et l&#039;Avenir\",\"potentialAction\":[{\"@type\":\"SearchAction\",\"target\":{\"@type\":\"EntryPoint\",\"urlTemplate\":\"http:\/\/ladoration.fr\/vanicet\/?s={search_term_string}\"},\"query-input\":\"required name=search_term_string\"}],\"inLanguage\":\"fr-FR\"}]}<\/script>\n<!-- \/ Yoast SEO plugin. -->","yoast_head_json":{"title":"Pr\u00e9sence de l'Est multiple. De V. Anicet figurant la porte d'un parc \u00e0 boeufs","description":"Pr\u00e9sence de l'Est multiple.Cette oeuvre vient d'une s\u00e9rie en noir et blanc, r\u00e9alis\u00e9e dans les ann\u00e9es 1970 par l\u2019ami d'Edouard Glissant, l\u2019artiste plasticien Victor Anicet. Cette s\u00e9rie avait \u00e9t\u00e9 nomm\u00e9e par E. Glissant lui m\u00eame \u00ab Et la pr\u00e9sence de l\u2019Est multiple \u00bb.","robots":{"index":"index","follow":"follow","max-snippet":"max-snippet:-1","max-image-preview":"max-image-preview:large","max-video-preview":"max-video-preview:-1"},"canonical":"http:\/\/ladoration.fr\/vanicet\/restitutions\/tombe-dedouard-glissant\/presence-de-lest-multiple\/","og_locale":"fr_FR","og_type":"article","og_title":"Pr\u00e9sence de l'Est multiple. De V. Anicet figurant la porte d'un parc \u00e0 boeufs","og_description":"Pr\u00e9sence de l'Est multiple.Cette oeuvre vient d'une s\u00e9rie en noir et blanc, r\u00e9alis\u00e9e dans les ann\u00e9es 1970 par l\u2019ami d'Edouard Glissant, l\u2019artiste plasticien Victor Anicet. Cette s\u00e9rie avait \u00e9t\u00e9 nomm\u00e9e par E. Glissant lui m\u00eame \u00ab Et la pr\u00e9sence de l\u2019Est multiple \u00bb.","og_url":"http:\/\/ladoration.fr\/vanicet\/restitutions\/tombe-dedouard-glissant\/presence-de-lest-multiple\/","og_site_name":"Victor Anicet","article_modified_time":"2018-04-23T15:52:43+00:00","og_image":[{"url":"http:\/\/ladoration.fr\/vanicet\/wp-content\/uploads\/2018\/04\/30032018-tombe-d-edouard-glissant-1536x1152_c2.jpg"}],"twitter_card":"summary_large_image","twitter_misc":{"Dur\u00e9e de lecture estim\u00e9e":"2 minutes"},"schema":{"@context":"https:\/\/schema.org","@graph":[{"@type":"WebPage","@id":"http:\/\/ladoration.fr\/vanicet\/restitutions\/tombe-dedouard-glissant\/presence-de-lest-multiple\/","url":"http:\/\/ladoration.fr\/vanicet\/restitutions\/tombe-dedouard-glissant\/presence-de-lest-multiple\/","name":"Pr\u00e9sence de l'Est multiple. De V. Anicet figurant la porte d'un parc \u00e0 boeufs","isPartOf":{"@id":"http:\/\/ladoration.fr\/vanicet\/#website"},"primaryImageOfPage":{"@id":"http:\/\/ladoration.fr\/vanicet\/restitutions\/tombe-dedouard-glissant\/presence-de-lest-multiple\/#primaryimage"},"image":{"@id":"http:\/\/ladoration.fr\/vanicet\/restitutions\/tombe-dedouard-glissant\/presence-de-lest-multiple\/#primaryimage"},"thumbnailUrl":"http:\/\/ladoration.fr\/vanicet\/wp-content\/uploads\/2018\/04\/30032018-tombe-d-edouard-glissant-1536x1152_c2.jpg","datePublished":"2018-04-10T07:53:07+00:00","dateModified":"2018-04-23T15:52:43+00:00","description":"Pr\u00e9sence de l'Est multiple.Cette oeuvre vient d'une s\u00e9rie en noir et blanc, r\u00e9alis\u00e9e dans les ann\u00e9es 1970 par l\u2019ami d'Edouard Glissant, l\u2019artiste plasticien Victor Anicet. Cette s\u00e9rie avait \u00e9t\u00e9 nomm\u00e9e par E. Glissant lui m\u00eame \u00ab Et la pr\u00e9sence de l\u2019Est multiple \u00bb.","breadcrumb":{"@id":"http:\/\/ladoration.fr\/vanicet\/restitutions\/tombe-dedouard-glissant\/presence-de-lest-multiple\/#breadcrumb"},"inLanguage":"fr-FR","potentialAction":[{"@type":"ReadAction","target":["http:\/\/ladoration.fr\/vanicet\/restitutions\/tombe-dedouard-glissant\/presence-de-lest-multiple\/"]}]},{"@type":"ImageObject","inLanguage":"fr-FR","@id":"http:\/\/ladoration.fr\/vanicet\/restitutions\/tombe-dedouard-glissant\/presence-de-lest-multiple\/#primaryimage","url":"http:\/\/ladoration.fr\/vanicet\/wp-content\/uploads\/2018\/04\/30032018-tombe-d-edouard-glissant-1536x1152_c2.jpg","contentUrl":"http:\/\/ladoration.fr\/vanicet\/wp-content\/uploads\/2018\/04\/30032018-tombe-d-edouard-glissant-1536x1152_c2.jpg"},{"@type":"BreadcrumbList","@id":"http:\/\/ladoration.fr\/vanicet\/restitutions\/tombe-dedouard-glissant\/presence-de-lest-multiple\/#breadcrumb","itemListElement":[{"@type":"ListItem","position":1,"name":"Accueil","item":"http:\/\/ladoration.fr\/vanicet\/"},{"@type":"ListItem","position":2,"name":"Restitutions","item":"https:\/\/ladoration.fr\/vanicet\/restitutions\/"},{"@type":"ListItem","position":3,"name":"Tombe d&rsquo;Edouard Glissant","item":"https:\/\/ladoration.fr\/vanicet\/restitutions\/tombe-dedouard-glissant\/"},{"@type":"ListItem","position":4,"name":"Et la pr\u00e9sence de l&rsquo;Est multiple"}]},{"@type":"WebSite","@id":"http:\/\/ladoration.fr\/vanicet\/#website","url":"http:\/\/ladoration.fr\/vanicet\/","name":"Victor Anicet","description":"Biface dit C\u00e9saire dans la Trag\u00e9die du Roi Christophe en pensant \u00e0 Janus, deux t\u00eates, deux directions, le pass\u00e9 et l&#039;Avenir","potentialAction":[{"@type":"SearchAction","target":{"@type":"EntryPoint","urlTemplate":"http:\/\/ladoration.fr\/vanicet\/?s={search_term_string}"},"query-input":"required name=search_term_string"}],"inLanguage":"fr-FR"}]}},"jetpack_sharing_enabled":true,"jetpack_shortlink":"https:\/\/wp.me\/Pax50O-7U","_links":{"self":[{"href":"http:\/\/ladoration.fr\/vanicet\/wp-json\/wp\/v2\/pages\/490","targetHints":{"allow":["GET"]}}],"collection":[{"href":"http:\/\/ladoration.fr\/vanicet\/wp-json\/wp\/v2\/pages"}],"about":[{"href":"http:\/\/ladoration.fr\/vanicet\/wp-json\/wp\/v2\/types\/page"}],"author":[{"embeddable":true,"href":"http:\/\/ladoration.fr\/vanicet\/wp-json\/wp\/v2\/users\/1"}],"replies":[{"embeddable":true,"href":"http:\/\/ladoration.fr\/vanicet\/wp-json\/wp\/v2\/comments?post=490"}],"version-history":[{"count":11,"href":"http:\/\/ladoration.fr\/vanicet\/wp-json\/wp\/v2\/pages\/490\/revisions"}],"predecessor-version":[{"id":798,"href":"http:\/\/ladoration.fr\/vanicet\/wp-json\/wp\/v2\/pages\/490\/revisions\/798"}],"up":[{"embeddable":true,"href":"http:\/\/ladoration.fr\/vanicet\/wp-json\/wp\/v2\/pages\/644"}],"wp:attachment":[{"href":"http:\/\/ladoration.fr\/vanicet\/wp-json\/wp\/v2\/media?parent=490"}],"curies":[{"name":"wp","href":"https:\/\/api.w.org\/{rel}","templated":true}]}}