{"id":543,"date":"2018-04-13T09:43:23","date_gmt":"2018-04-13T07:43:23","guid":{"rendered":"http:\/\/ladoration.fr\/vanicet\/?page_id=543"},"modified":"2018-04-15T19:25:30","modified_gmt":"2018-04-15T17:25:30","slug":"biface","status":"publish","type":"page","link":"http:\/\/ladoration.fr\/vanicet\/restitutions\/sculptures\/biface\/","title":{"rendered":"Biface"},"content":{"rendered":"\t\t<div data-elementor-type=\"wp-post\" data-elementor-id=\"543\" class=\"elementor elementor-543 elementor-bc-flex-widget\">\n\t\t\t\t\t\t<section class=\"elementor-section elementor-top-section elementor-element elementor-element-310887f elementor-section-boxed elementor-section-height-default elementor-section-height-default\" data-id=\"310887f\" data-element_type=\"section\">\n\t\t\t\t\t\t<div class=\"elementor-container elementor-column-gap-default\">\n\t\t\t\t\t<div class=\"elementor-column elementor-col-100 elementor-top-column elementor-element elementor-element-1364eb5\" data-id=\"1364eb5\" data-element_type=\"column\">\n\t\t\t<div class=\"elementor-widget-wrap elementor-element-populated\">\n\t\t\t\t\t\t<div class=\"elementor-element elementor-element-723e091 elementor-position-top elementor-widget elementor-widget-image-box\" data-id=\"723e091\" data-element_type=\"widget\" data-widget_type=\"image-box.default\">\n\t\t\t\t<div class=\"elementor-widget-container\">\n\t\t\t<div class=\"elementor-image-box-wrapper\"><figure class=\"elementor-image-box-img\"><img fetchpriority=\"high\" decoding=\"async\" width=\"450\" height=\"298\" src=\"http:\/\/ladoration.fr\/vanicet\/wp-content\/uploads\/2018\/04\/biface-1.jpg\" class=\"attachment-full size-full wp-image-547\" alt=\"\" srcset=\"http:\/\/ladoration.fr\/vanicet\/wp-content\/uploads\/2018\/04\/biface-1.jpg 450w, http:\/\/ladoration.fr\/vanicet\/wp-content\/uploads\/2018\/04\/biface-1-300x199.jpg 300w\" sizes=\"(max-width: 450px) 100vw, 450px\" \/><\/figure><div class=\"elementor-image-box-content\"><h3 class=\"elementor-image-box-title\">Biface<\/h3><p class=\"elementor-image-box-description\">Biface. Oeuvre de Victor ANICET, quartier Eyma Aim\u00e9 CESAIRE inaugur\u00e9e le 14 juin 2013.\n(Cr\u00e9dit Photo. \u00a9Droits r\u00e9serv\u00e9s)<\/p><\/div><\/div>\t\t<\/div>\n\t\t\t\t<\/div>\n\t\t\t\t<div class=\"elementor-element elementor-element-f7530fb elementor-widget elementor-widget-text-editor\" data-id=\"f7530fb\" data-element_type=\"widget\" data-widget_type=\"text-editor.default\">\n\t\t\t\t<div class=\"elementor-widget-container\">\n\t\t\t\t\t\t\t<p style=\"text-align: center;\"><span style=\"font-size: 14pt;\">Voir <a href=\"http:\/\/www.mairie-basse-pointe.fr\/?q=node\/358\" target=\"_blank\" rel=\"noopener\">l&rsquo;article<\/a> sur cette oeuvre sur le site de la municipalit\u00e9 de Basse-Pointe (Martinique)<\/span><\/p>\t\t\t\t\t\t<\/div>\n\t\t\t\t<\/div>\n\t\t\t\t\t<\/div>\n\t\t<\/div>\n\t\t\t\t\t<\/div>\n\t\t<\/section>\n\t\t\t\t<section class=\"elementor-section elementor-top-section elementor-element elementor-element-48bc5da5 elementor-section-boxed elementor-section-height-default elementor-section-height-default\" data-id=\"48bc5da5\" data-element_type=\"section\">\n\t\t\t\t\t\t<div class=\"elementor-container elementor-column-gap-default\">\n\t\t\t\t\t<div class=\"elementor-column elementor-col-100 elementor-top-column elementor-element elementor-element-7d842d12\" data-id=\"7d842d12\" data-element_type=\"column\">\n\t\t\t<div class=\"elementor-widget-wrap elementor-element-populated\">\n\t\t\t\t\t\t<div class=\"elementor-element elementor-element-8b601c1 elementor-align-center elementor-widget elementor-widget-button\" data-id=\"8b601c1\" data-element_type=\"widget\" data-widget_type=\"button.default\">\n\t\t\t\t<div class=\"elementor-widget-container\">\n\t\t\t\t\t<div class=\"elementor-button-wrapper\">\n\t\t\t<a class=\"elementor-button elementor-button-link elementor-size-sm\" href=\"http:\/\/ladoration.fr\/vanicet\/restitutions\/\">\n\t\t\t\t\t\t<span class=\"elementor-button-content-wrapper\">\n\t\t\t\t\t\t\t\t\t<span class=\"elementor-button-text\">Retour \u00e0 la liste des oeuvres<\/span>\n\t\t\t\t\t<\/span>\n\t\t\t\t\t<\/a>\n\t\t<\/div>\n\t\t\t\t<\/div>\n\t\t\t\t<\/div>\n\t\t\t\t\t<\/div>\n\t\t<\/div>\n\t\t\t\t\t<\/div>\n\t\t<\/section>\n\t\t\t\t<\/div>\n\t\t","protected":false},"excerpt":{"rendered":"<p>Biface Biface. Oeuvre de Victor ANICET, quartier Eyma Aim\u00e9 CESAIRE inaugur\u00e9e le 14 juin 2013. (Cr\u00e9dit Photo. \u00a9Droits r\u00e9serv\u00e9s) Voir l&rsquo;article sur cette oeuvre sur le site de la municipalit\u00e9 de Basse-Pointe (Martinique) Retour \u00e0 la liste des oeuvres<\/p>\n","protected":false},"author":1,"featured_media":0,"parent":657,"menu_order":0,"comment_status":"closed","ping_status":"closed","template":"","meta":{"jetpack_post_was_ever_published":false,"footnotes":""},"class_list":["post-543","page","type-page","status-publish","hentry","blog-blocks-layout","blog-style-postblock","","blog-alt-odd"],"yoast_head":"<!-- This site is optimized with the Yoast SEO plugin v23.0 - https:\/\/yoast.com\/wordpress\/plugins\/seo\/ -->\n<title>biface. Oeuvre de l&#039;artiste martiniquais Victor Anicet<\/title>\n<meta name=\"description\" content=\"biface. Oeuvre r\u00e9alis\u00e9e par Victor ANICET, BIFACE au quartier Eyma Aim\u00e9 CESAIRE et inaugur\u00e9 le 14 juin 2013. pour Aim\u00e9 C\u00e9saire, BIFACE, c&#039;est le roi JANUS, toujours repr\u00e9sent\u00e9 avec deux t\u00eates : une qui regarde le pass\u00e9 et l&#039;autre l&#039;avenir.\" \/>\n<meta name=\"robots\" content=\"index, follow, max-snippet:-1, max-image-preview:large, max-video-preview:-1\" \/>\n<link rel=\"canonical\" href=\"http:\/\/ladoration.fr\/vanicet\/restitutions\/sculptures\/biface\/\" \/>\n<meta property=\"og:locale\" content=\"fr_FR\" \/>\n<meta property=\"og:type\" content=\"article\" \/>\n<meta property=\"og:title\" content=\"biface. Oeuvre de l&#039;artiste martiniquais Victor Anicet\" \/>\n<meta property=\"og:description\" content=\"biface. Oeuvre r\u00e9alis\u00e9e par Victor ANICET, BIFACE au quartier Eyma Aim\u00e9 CESAIRE et inaugur\u00e9 le 14 juin 2013. pour Aim\u00e9 C\u00e9saire, BIFACE, c&#039;est le roi JANUS, toujours repr\u00e9sent\u00e9 avec deux t\u00eates : une qui regarde le pass\u00e9 et l&#039;autre l&#039;avenir.\" \/>\n<meta property=\"og:url\" content=\"http:\/\/ladoration.fr\/vanicet\/restitutions\/sculptures\/biface\/\" \/>\n<meta property=\"og:site_name\" content=\"Victor Anicet\" \/>\n<meta property=\"article:modified_time\" content=\"2018-04-15T17:25:30+00:00\" \/>\n<meta property=\"og:image\" content=\"http:\/\/ladoration.fr\/vanicet\/wp-content\/uploads\/2018\/04\/biface-1.jpg\" \/>\n<meta name=\"twitter:card\" content=\"summary_large_image\" \/>\n<script type=\"application\/ld+json\" class=\"yoast-schema-graph\">{\"@context\":\"https:\/\/schema.org\",\"@graph\":[{\"@type\":\"WebPage\",\"@id\":\"http:\/\/ladoration.fr\/vanicet\/restitutions\/sculptures\/biface\/\",\"url\":\"http:\/\/ladoration.fr\/vanicet\/restitutions\/sculptures\/biface\/\",\"name\":\"biface. Oeuvre de l'artiste martiniquais Victor Anicet\",\"isPartOf\":{\"@id\":\"http:\/\/ladoration.fr\/vanicet\/#website\"},\"primaryImageOfPage\":{\"@id\":\"http:\/\/ladoration.fr\/vanicet\/restitutions\/sculptures\/biface\/#primaryimage\"},\"image\":{\"@id\":\"http:\/\/ladoration.fr\/vanicet\/restitutions\/sculptures\/biface\/#primaryimage\"},\"thumbnailUrl\":\"http:\/\/ladoration.fr\/vanicet\/wp-content\/uploads\/2018\/04\/biface-1.jpg\",\"datePublished\":\"2018-04-13T07:43:23+00:00\",\"dateModified\":\"2018-04-15T17:25:30+00:00\",\"description\":\"biface. Oeuvre r\u00e9alis\u00e9e par Victor ANICET, BIFACE au quartier Eyma Aim\u00e9 CESAIRE et inaugur\u00e9 le 14 juin 2013. pour Aim\u00e9 C\u00e9saire, BIFACE, c'est le roi JANUS, toujours repr\u00e9sent\u00e9 avec deux t\u00eates : une qui regarde le pass\u00e9 et l'autre l'avenir.\",\"breadcrumb\":{\"@id\":\"http:\/\/ladoration.fr\/vanicet\/restitutions\/sculptures\/biface\/#breadcrumb\"},\"inLanguage\":\"fr-FR\",\"potentialAction\":[{\"@type\":\"ReadAction\",\"target\":[\"http:\/\/ladoration.fr\/vanicet\/restitutions\/sculptures\/biface\/\"]}]},{\"@type\":\"ImageObject\",\"inLanguage\":\"fr-FR\",\"@id\":\"http:\/\/ladoration.fr\/vanicet\/restitutions\/sculptures\/biface\/#primaryimage\",\"url\":\"http:\/\/ladoration.fr\/vanicet\/wp-content\/uploads\/2018\/04\/biface-1.jpg\",\"contentUrl\":\"http:\/\/ladoration.fr\/vanicet\/wp-content\/uploads\/2018\/04\/biface-1.jpg\",\"width\":450,\"height\":298,\"caption\":\"Biface. Oeuvre r\u00e9alis\u00e9e par Victor ANICET, cr\u00e9\u00e9e au quartier Eyma Aim\u00e9 CESAIRE et inaugur\u00e9e le 14 juin 2013.\"},{\"@type\":\"BreadcrumbList\",\"@id\":\"http:\/\/ladoration.fr\/vanicet\/restitutions\/sculptures\/biface\/#breadcrumb\",\"itemListElement\":[{\"@type\":\"ListItem\",\"position\":1,\"name\":\"Accueil\",\"item\":\"http:\/\/ladoration.fr\/vanicet\/\"},{\"@type\":\"ListItem\",\"position\":2,\"name\":\"Restitutions\",\"item\":\"https:\/\/ladoration.fr\/vanicet\/restitutions\/\"},{\"@type\":\"ListItem\",\"position\":3,\"name\":\"Sculptures\",\"item\":\"http:\/\/ladoration.fr\/vanicet\/restitutions\/sculptures\/\"},{\"@type\":\"ListItem\",\"position\":4,\"name\":\"Biface\"}]},{\"@type\":\"WebSite\",\"@id\":\"http:\/\/ladoration.fr\/vanicet\/#website\",\"url\":\"http:\/\/ladoration.fr\/vanicet\/\",\"name\":\"Victor Anicet\",\"description\":\"Biface dit C\u00e9saire dans la Trag\u00e9die du Roi Christophe en pensant \u00e0 Janus, deux t\u00eates, deux directions, le pass\u00e9 et l&#039;Avenir\",\"potentialAction\":[{\"@type\":\"SearchAction\",\"target\":{\"@type\":\"EntryPoint\",\"urlTemplate\":\"http:\/\/ladoration.fr\/vanicet\/?s={search_term_string}\"},\"query-input\":\"required name=search_term_string\"}],\"inLanguage\":\"fr-FR\"}]}<\/script>\n<!-- \/ Yoast SEO plugin. -->","yoast_head_json":{"title":"biface. Oeuvre de l'artiste martiniquais Victor Anicet","description":"biface. Oeuvre r\u00e9alis\u00e9e par Victor ANICET, BIFACE au quartier Eyma Aim\u00e9 CESAIRE et inaugur\u00e9 le 14 juin 2013. pour Aim\u00e9 C\u00e9saire, BIFACE, c'est le roi JANUS, toujours repr\u00e9sent\u00e9 avec deux t\u00eates : une qui regarde le pass\u00e9 et l'autre l'avenir.","robots":{"index":"index","follow":"follow","max-snippet":"max-snippet:-1","max-image-preview":"max-image-preview:large","max-video-preview":"max-video-preview:-1"},"canonical":"http:\/\/ladoration.fr\/vanicet\/restitutions\/sculptures\/biface\/","og_locale":"fr_FR","og_type":"article","og_title":"biface. Oeuvre de l'artiste martiniquais Victor Anicet","og_description":"biface. Oeuvre r\u00e9alis\u00e9e par Victor ANICET, BIFACE au quartier Eyma Aim\u00e9 CESAIRE et inaugur\u00e9 le 14 juin 2013. pour Aim\u00e9 C\u00e9saire, BIFACE, c'est le roi JANUS, toujours repr\u00e9sent\u00e9 avec deux t\u00eates : une qui regarde le pass\u00e9 et l'autre l'avenir.","og_url":"http:\/\/ladoration.fr\/vanicet\/restitutions\/sculptures\/biface\/","og_site_name":"Victor Anicet","article_modified_time":"2018-04-15T17:25:30+00:00","og_image":[{"url":"http:\/\/ladoration.fr\/vanicet\/wp-content\/uploads\/2018\/04\/biface-1.jpg"}],"twitter_card":"summary_large_image","schema":{"@context":"https:\/\/schema.org","@graph":[{"@type":"WebPage","@id":"http:\/\/ladoration.fr\/vanicet\/restitutions\/sculptures\/biface\/","url":"http:\/\/ladoration.fr\/vanicet\/restitutions\/sculptures\/biface\/","name":"biface. Oeuvre de l'artiste martiniquais Victor Anicet","isPartOf":{"@id":"http:\/\/ladoration.fr\/vanicet\/#website"},"primaryImageOfPage":{"@id":"http:\/\/ladoration.fr\/vanicet\/restitutions\/sculptures\/biface\/#primaryimage"},"image":{"@id":"http:\/\/ladoration.fr\/vanicet\/restitutions\/sculptures\/biface\/#primaryimage"},"thumbnailUrl":"http:\/\/ladoration.fr\/vanicet\/wp-content\/uploads\/2018\/04\/biface-1.jpg","datePublished":"2018-04-13T07:43:23+00:00","dateModified":"2018-04-15T17:25:30+00:00","description":"biface. Oeuvre r\u00e9alis\u00e9e par Victor ANICET, BIFACE au quartier Eyma Aim\u00e9 CESAIRE et inaugur\u00e9 le 14 juin 2013. pour Aim\u00e9 C\u00e9saire, BIFACE, c'est le roi JANUS, toujours repr\u00e9sent\u00e9 avec deux t\u00eates : une qui regarde le pass\u00e9 et l'autre l'avenir.","breadcrumb":{"@id":"http:\/\/ladoration.fr\/vanicet\/restitutions\/sculptures\/biface\/#breadcrumb"},"inLanguage":"fr-FR","potentialAction":[{"@type":"ReadAction","target":["http:\/\/ladoration.fr\/vanicet\/restitutions\/sculptures\/biface\/"]}]},{"@type":"ImageObject","inLanguage":"fr-FR","@id":"http:\/\/ladoration.fr\/vanicet\/restitutions\/sculptures\/biface\/#primaryimage","url":"http:\/\/ladoration.fr\/vanicet\/wp-content\/uploads\/2018\/04\/biface-1.jpg","contentUrl":"http:\/\/ladoration.fr\/vanicet\/wp-content\/uploads\/2018\/04\/biface-1.jpg","width":450,"height":298,"caption":"Biface. Oeuvre r\u00e9alis\u00e9e par Victor ANICET, cr\u00e9\u00e9e au quartier Eyma Aim\u00e9 CESAIRE et inaugur\u00e9e le 14 juin 2013."},{"@type":"BreadcrumbList","@id":"http:\/\/ladoration.fr\/vanicet\/restitutions\/sculptures\/biface\/#breadcrumb","itemListElement":[{"@type":"ListItem","position":1,"name":"Accueil","item":"http:\/\/ladoration.fr\/vanicet\/"},{"@type":"ListItem","position":2,"name":"Restitutions","item":"https:\/\/ladoration.fr\/vanicet\/restitutions\/"},{"@type":"ListItem","position":3,"name":"Sculptures","item":"http:\/\/ladoration.fr\/vanicet\/restitutions\/sculptures\/"},{"@type":"ListItem","position":4,"name":"Biface"}]},{"@type":"WebSite","@id":"http:\/\/ladoration.fr\/vanicet\/#website","url":"http:\/\/ladoration.fr\/vanicet\/","name":"Victor Anicet","description":"Biface dit C\u00e9saire dans la Trag\u00e9die du Roi Christophe en pensant \u00e0 Janus, deux t\u00eates, deux directions, le pass\u00e9 et l&#039;Avenir","potentialAction":[{"@type":"SearchAction","target":{"@type":"EntryPoint","urlTemplate":"http:\/\/ladoration.fr\/vanicet\/?s={search_term_string}"},"query-input":"required name=search_term_string"}],"inLanguage":"fr-FR"}]}},"jetpack_sharing_enabled":true,"jetpack_shortlink":"https:\/\/wp.me\/Pax50O-8L","_links":{"self":[{"href":"http:\/\/ladoration.fr\/vanicet\/wp-json\/wp\/v2\/pages\/543","targetHints":{"allow":["GET"]}}],"collection":[{"href":"http:\/\/ladoration.fr\/vanicet\/wp-json\/wp\/v2\/pages"}],"about":[{"href":"http:\/\/ladoration.fr\/vanicet\/wp-json\/wp\/v2\/types\/page"}],"author":[{"embeddable":true,"href":"http:\/\/ladoration.fr\/vanicet\/wp-json\/wp\/v2\/users\/1"}],"replies":[{"embeddable":true,"href":"http:\/\/ladoration.fr\/vanicet\/wp-json\/wp\/v2\/comments?post=543"}],"version-history":[{"count":7,"href":"http:\/\/ladoration.fr\/vanicet\/wp-json\/wp\/v2\/pages\/543\/revisions"}],"predecessor-version":[{"id":771,"href":"http:\/\/ladoration.fr\/vanicet\/wp-json\/wp\/v2\/pages\/543\/revisions\/771"}],"up":[{"embeddable":true,"href":"http:\/\/ladoration.fr\/vanicet\/wp-json\/wp\/v2\/pages\/657"}],"wp:attachment":[{"href":"http:\/\/ladoration.fr\/vanicet\/wp-json\/wp\/v2\/media?parent=543"}],"curies":[{"name":"wp","href":"https:\/\/api.w.org\/{rel}","templated":true}]}}