{"id":151,"date":"2018-04-03T11:31:00","date_gmt":"2018-04-03T09:31:00","guid":{"rendered":"http:\/\/ladoration.fr\/vanicet\/?page_id=151"},"modified":"2018-04-05T10:18:42","modified_gmt":"2018-04-05T08:18:42","slug":"la-calebasse","status":"publish","type":"page","link":"https:\/\/ladoration.fr\/vanicet\/textes\/la-calebasse\/","title":{"rendered":"La calebasse (Dominique Aur\u00e9lia)"},"content":{"rendered":"\t\t<div data-elementor-type=\"wp-post\" data-elementor-id=\"151\" class=\"elementor elementor-151 elementor-bc-flex-widget\">\n\t\t\t\t\t\t<section class=\"elementor-section elementor-top-section elementor-element elementor-element-74f20ca1 elementor-section-boxed elementor-section-height-default elementor-section-height-default\" data-id=\"74f20ca1\" data-element_type=\"section\">\n\t\t\t\t\t\t<div class=\"elementor-container elementor-column-gap-default\">\n\t\t\t\t\t<div class=\"elementor-column elementor-col-100 elementor-top-column elementor-element elementor-element-595f1f5e\" data-id=\"595f1f5e\" data-element_type=\"column\">\n\t\t\t<div class=\"elementor-widget-wrap elementor-element-populated\">\n\t\t\t\t\t\t<div class=\"elementor-element elementor-element-24d47768 elementor-widget elementor-widget-text-editor\" data-id=\"24d47768\" data-element_type=\"widget\" data-widget_type=\"text-editor.default\">\n\t\t\t\t<div class=\"elementor-widget-container\">\n\t\t\t\t\t\t\t<h1 style=\"text-align: center;\">La calebasse<\/h1>\t\t\t\t\t\t<\/div>\n\t\t\t\t<\/div>\n\t\t\t\t<div class=\"elementor-element elementor-element-7c14441e elementor-widget elementor-widget-text-editor\" data-id=\"7c14441e\" data-element_type=\"widget\" data-widget_type=\"text-editor.default\">\n\t\t\t\t<div class=\"elementor-widget-container\">\n\t\t\t\t\t\t\t<p><span style=\"font-size: 14pt;\">Victor Anicet est un accoucheur de mythes. Sa parole conte que la calebasse est\u00a0le ventre de la femme, la moiti\u00e9 du soleil qui porte l\u2019eau de la rivi\u00e8re en\u00a0\u00e9quilibre sur la t\u00eate, une torche de tissu madras enroul\u00e9e comme le serpent\u00a0Damballa entre t\u00eate et calebasse, entre corps et ciel, et la femme se balance, le\u00a0cou droit et les pieds ancr\u00e9s au sol, le bras qui la prot\u00e8ge des vagues qui se\u00a0d\u00e9cha\u00eenent l\u00e0-haut dans la calebasse.<\/span><\/p><p><span style=\"font-size: 14pt;\">Kora, balafon, sitar, musiques d\u2019Afrique ou d\u2019Inde se m\u00ealent aux \u00e9pices qui labourent la viande ou le poisson \u00e0 mac\u00e9rer dans le kwi.*Car Le kwi n\u2019est jamais rassasi\u00e9 du sel de l\u2019oubli dans le Passage de la D\u00e9veine, du sel de la<\/span><br \/><span style=\"font-size: 14pt;\">reconnaissance dans le f\u00e9wos (farine de manioc, avocat, morue sal\u00e9e).<\/span><\/p><p><span style=\"font-size: 14pt;\">La calebasse est un r\u00e9servoir de secrets, un m\u00e9tier \u00e0 tisser. L\u2019\u00e9mail soyeux de la calebasse d\u2019Anicet a cannibalis\u00e9 le noir, le rouge et le blanc.<\/span><\/p><p><span style=\"font-size: 14pt;\">Quand Victor Anicet coud sa calebasse, il rapi\u00e8ce les fragments de sueur, de sang, et de sons, d\u2019\u00e9pices et de corail ; il tresse les signes oubli\u00e9s et l\u2019\u00e9clair primordial de la ficelle que les Am\u00e9rindiens lan\u00e7aient dans les pattes des chevaux naufrag\u00e9s du Vieux Monde. Pierre d\u00e9risoire dans les pattes des chevaux contre le tonnerre assourdissant qui fracassait leur si vieux monde.<\/span><\/p><p><span style=\"font-size: 14pt;\">Anicet ravaude le d\u00e9risoire et les lambeaux, lie les fils ballotant au vent, accorde la calebasse pleine de chants d\u2019eau et de mati\u00e8re.<\/span><\/p><p><span style=\"font-size: 14pt;\">Le d\u00e9risoire vous dis-je\u2026 Anicet ma\u00eetrise le vent et la temp\u00eate , ensorcelle l\u2019objet le plus ordinaire, comme avant lui, ses p\u00e8res am\u00e9rindiens, africains et indiens.<\/span><\/p><p><span style=\"font-size: 14pt;\">Dominique Aur\u00e9lia<\/span><br \/><span style=\"font-size: 14pt;\">*Kwi en langue cr\u00e9ole, couaicou en langue cara\u00efbe<\/span><\/p>\t\t\t\t\t\t<\/div>\n\t\t\t\t<\/div>\n\t\t\t\t<div class=\"elementor-element elementor-element-d26181d elementor-widget elementor-widget-text-editor\" data-id=\"d26181d\" data-element_type=\"widget\" data-widget_type=\"text-editor.default\">\n\t\t\t\t<div class=\"elementor-widget-container\">\n\t\t\t\t\t\t\t<p><a href=\"http:\/\/ladoration.fr\/vanicet\/index.php\/textes\/bonbon-chouval\/\" target=\"_blank\" rel=\"noopener\"><span style=\"font-size: 14pt;\">Lire aussi du m\u00eame auteur<\/span><\/a><\/p>\t\t\t\t\t\t<\/div>\n\t\t\t\t<\/div>\n\t\t\t\t\t<\/div>\n\t\t<\/div>\n\t\t\t\t\t<\/div>\n\t\t<\/section>\n\t\t\t\t<\/div>\n\t\t","protected":false},"excerpt":{"rendered":"<p>La calebasse Victor Anicet est un accoucheur de mythes. Sa parole conte que la calebasse est\u00a0le ventre de la femme, la moiti\u00e9 du soleil qui porte l\u2019eau de la rivi\u00e8re en\u00a0\u00e9quilibre sur la t\u00eate, une torche de tissu madras enroul\u00e9e comme le serpent\u00a0Damballa entre t\u00eate et calebasse, entre corps et ciel, et la femme se [&hellip;]<\/p>\n","protected":false},"author":1,"featured_media":0,"parent":96,"menu_order":0,"comment_status":"closed","ping_status":"closed","template":"","meta":{"jetpack_post_was_ever_published":false,"footnotes":""},"class_list":["post-151","page","type-page","status-publish","hentry","blog-blocks-layout","blog-style-postblock","","blog-alt-odd"],"yoast_head":"<!-- This site is optimized with the Yoast SEO plugin v23.0 - https:\/\/yoast.com\/wordpress\/plugins\/seo\/ -->\n<title>La calebasse, un texte de Dominique A. \u00e0 propos du travail de V. Anicet<\/title>\n<meta name=\"description\" content=\"La calebasse, un texte de Dominique Aur\u00e9lia \u00e0 propos du travail de Victor Anicet: &quot;Anicet ma\u00eetrise le vent et la temp\u00eate, ensorcelle l&#039;objet le plus ordinaire, comme avant lui, ses p\u00e8res am\u00e9rindiens, africains et indiens.&quot;\" \/>\n<meta name=\"robots\" content=\"index, follow, max-snippet:-1, max-image-preview:large, max-video-preview:-1\" \/>\n<link rel=\"canonical\" href=\"https:\/\/ladoration.fr\/vanicet\/textes\/la-calebasse\/\" \/>\n<meta property=\"og:locale\" content=\"fr_FR\" \/>\n<meta property=\"og:type\" content=\"article\" \/>\n<meta property=\"og:title\" content=\"La calebasse, un texte de Dominique A. \u00e0 propos du travail de V. Anicet\" \/>\n<meta property=\"og:description\" content=\"La calebasse, un texte de Dominique Aur\u00e9lia \u00e0 propos du travail de Victor Anicet: &quot;Anicet ma\u00eetrise le vent et la temp\u00eate, ensorcelle l&#039;objet le plus ordinaire, comme avant lui, ses p\u00e8res am\u00e9rindiens, africains et indiens.&quot;\" \/>\n<meta property=\"og:url\" content=\"https:\/\/ladoration.fr\/vanicet\/textes\/la-calebasse\/\" \/>\n<meta property=\"og:site_name\" content=\"Victor Anicet\" \/>\n<meta property=\"article:modified_time\" content=\"2018-04-05T08:18:42+00:00\" \/>\n<meta name=\"twitter:card\" content=\"summary_large_image\" \/>\n<meta name=\"twitter:label1\" content=\"Dur\u00e9e de lecture estim\u00e9e\" \/>\n\t<meta name=\"twitter:data1\" content=\"2 minutes\" \/>\n<script type=\"application\/ld+json\" class=\"yoast-schema-graph\">{\"@context\":\"https:\/\/schema.org\",\"@graph\":[{\"@type\":\"WebPage\",\"@id\":\"https:\/\/ladoration.fr\/vanicet\/textes\/la-calebasse\/\",\"url\":\"https:\/\/ladoration.fr\/vanicet\/textes\/la-calebasse\/\",\"name\":\"La calebasse, un texte de Dominique A. \u00e0 propos du travail de V. Anicet\",\"isPartOf\":{\"@id\":\"http:\/\/ladoration.fr\/vanicet\/#website\"},\"datePublished\":\"2018-04-03T09:31:00+00:00\",\"dateModified\":\"2018-04-05T08:18:42+00:00\",\"description\":\"La calebasse, un texte de Dominique Aur\u00e9lia \u00e0 propos du travail de Victor Anicet: \\\"Anicet ma\u00eetrise le vent et la temp\u00eate, ensorcelle l'objet le plus ordinaire, comme avant lui, ses p\u00e8res am\u00e9rindiens, africains et indiens.\\\"\",\"breadcrumb\":{\"@id\":\"https:\/\/ladoration.fr\/vanicet\/textes\/la-calebasse\/#breadcrumb\"},\"inLanguage\":\"fr-FR\",\"potentialAction\":[{\"@type\":\"ReadAction\",\"target\":[\"https:\/\/ladoration.fr\/vanicet\/textes\/la-calebasse\/\"]}]},{\"@type\":\"BreadcrumbList\",\"@id\":\"https:\/\/ladoration.fr\/vanicet\/textes\/la-calebasse\/#breadcrumb\",\"itemListElement\":[{\"@type\":\"ListItem\",\"position\":1,\"name\":\"Accueil\",\"item\":\"http:\/\/ladoration.fr\/vanicet\/\"},{\"@type\":\"ListItem\",\"position\":2,\"name\":\"Textes\",\"item\":\"http:\/\/ladoration.fr\/vanicet\/textes\/\"},{\"@type\":\"ListItem\",\"position\":3,\"name\":\"La calebasse (Dominique Aur\u00e9lia)\"}]},{\"@type\":\"WebSite\",\"@id\":\"http:\/\/ladoration.fr\/vanicet\/#website\",\"url\":\"http:\/\/ladoration.fr\/vanicet\/\",\"name\":\"Victor Anicet\",\"description\":\"Biface dit C\u00e9saire dans la Trag\u00e9die du Roi Christophe en pensant \u00e0 Janus, deux t\u00eates, deux directions, le pass\u00e9 et l&#039;Avenir\",\"potentialAction\":[{\"@type\":\"SearchAction\",\"target\":{\"@type\":\"EntryPoint\",\"urlTemplate\":\"http:\/\/ladoration.fr\/vanicet\/?s={search_term_string}\"},\"query-input\":\"required name=search_term_string\"}],\"inLanguage\":\"fr-FR\"}]}<\/script>\n<!-- \/ Yoast SEO plugin. -->","yoast_head_json":{"title":"La calebasse, un texte de Dominique A. \u00e0 propos du travail de V. Anicet","description":"La calebasse, un texte de Dominique Aur\u00e9lia \u00e0 propos du travail de Victor Anicet: \"Anicet ma\u00eetrise le vent et la temp\u00eate, ensorcelle l'objet le plus ordinaire, comme avant lui, ses p\u00e8res am\u00e9rindiens, africains et indiens.\"","robots":{"index":"index","follow":"follow","max-snippet":"max-snippet:-1","max-image-preview":"max-image-preview:large","max-video-preview":"max-video-preview:-1"},"canonical":"https:\/\/ladoration.fr\/vanicet\/textes\/la-calebasse\/","og_locale":"fr_FR","og_type":"article","og_title":"La calebasse, un texte de Dominique A. \u00e0 propos du travail de V. Anicet","og_description":"La calebasse, un texte de Dominique Aur\u00e9lia \u00e0 propos du travail de Victor Anicet: \"Anicet ma\u00eetrise le vent et la temp\u00eate, ensorcelle l'objet le plus ordinaire, comme avant lui, ses p\u00e8res am\u00e9rindiens, africains et indiens.\"","og_url":"https:\/\/ladoration.fr\/vanicet\/textes\/la-calebasse\/","og_site_name":"Victor Anicet","article_modified_time":"2018-04-05T08:18:42+00:00","twitter_card":"summary_large_image","twitter_misc":{"Dur\u00e9e de lecture estim\u00e9e":"2 minutes"},"schema":{"@context":"https:\/\/schema.org","@graph":[{"@type":"WebPage","@id":"https:\/\/ladoration.fr\/vanicet\/textes\/la-calebasse\/","url":"https:\/\/ladoration.fr\/vanicet\/textes\/la-calebasse\/","name":"La calebasse, un texte de Dominique A. \u00e0 propos du travail de V. Anicet","isPartOf":{"@id":"http:\/\/ladoration.fr\/vanicet\/#website"},"datePublished":"2018-04-03T09:31:00+00:00","dateModified":"2018-04-05T08:18:42+00:00","description":"La calebasse, un texte de Dominique Aur\u00e9lia \u00e0 propos du travail de Victor Anicet: \"Anicet ma\u00eetrise le vent et la temp\u00eate, ensorcelle l'objet le plus ordinaire, comme avant lui, ses p\u00e8res am\u00e9rindiens, africains et indiens.\"","breadcrumb":{"@id":"https:\/\/ladoration.fr\/vanicet\/textes\/la-calebasse\/#breadcrumb"},"inLanguage":"fr-FR","potentialAction":[{"@type":"ReadAction","target":["https:\/\/ladoration.fr\/vanicet\/textes\/la-calebasse\/"]}]},{"@type":"BreadcrumbList","@id":"https:\/\/ladoration.fr\/vanicet\/textes\/la-calebasse\/#breadcrumb","itemListElement":[{"@type":"ListItem","position":1,"name":"Accueil","item":"http:\/\/ladoration.fr\/vanicet\/"},{"@type":"ListItem","position":2,"name":"Textes","item":"http:\/\/ladoration.fr\/vanicet\/textes\/"},{"@type":"ListItem","position":3,"name":"La calebasse (Dominique Aur\u00e9lia)"}]},{"@type":"WebSite","@id":"http:\/\/ladoration.fr\/vanicet\/#website","url":"http:\/\/ladoration.fr\/vanicet\/","name":"Victor Anicet","description":"Biface dit C\u00e9saire dans la Trag\u00e9die du Roi Christophe en pensant \u00e0 Janus, deux t\u00eates, deux directions, le pass\u00e9 et l&#039;Avenir","potentialAction":[{"@type":"SearchAction","target":{"@type":"EntryPoint","urlTemplate":"http:\/\/ladoration.fr\/vanicet\/?s={search_term_string}"},"query-input":"required name=search_term_string"}],"inLanguage":"fr-FR"}]}},"jetpack_sharing_enabled":true,"jetpack_shortlink":"https:\/\/wp.me\/Pax50O-2r","_links":{"self":[{"href":"https:\/\/ladoration.fr\/vanicet\/wp-json\/wp\/v2\/pages\/151","targetHints":{"allow":["GET"]}}],"collection":[{"href":"https:\/\/ladoration.fr\/vanicet\/wp-json\/wp\/v2\/pages"}],"about":[{"href":"https:\/\/ladoration.fr\/vanicet\/wp-json\/wp\/v2\/types\/page"}],"author":[{"embeddable":true,"href":"https:\/\/ladoration.fr\/vanicet\/wp-json\/wp\/v2\/users\/1"}],"replies":[{"embeddable":true,"href":"https:\/\/ladoration.fr\/vanicet\/wp-json\/wp\/v2\/comments?post=151"}],"version-history":[{"count":6,"href":"https:\/\/ladoration.fr\/vanicet\/wp-json\/wp\/v2\/pages\/151\/revisions"}],"predecessor-version":[{"id":237,"href":"https:\/\/ladoration.fr\/vanicet\/wp-json\/wp\/v2\/pages\/151\/revisions\/237"}],"up":[{"embeddable":true,"href":"https:\/\/ladoration.fr\/vanicet\/wp-json\/wp\/v2\/pages\/96"}],"wp:attachment":[{"href":"https:\/\/ladoration.fr\/vanicet\/wp-json\/wp\/v2\/media?parent=151"}],"curies":[{"name":"wp","href":"https:\/\/api.w.org\/{rel}","templated":true}]}}